{"id":5622,"date":"2020-12-30T14:23:49","date_gmt":"2020-12-30T14:23:49","guid":{"rendered":"http:\/\/kommentatorenblog.de\/?page_id=5622"},"modified":"2026-01-07T12:38:28","modified_gmt":"2026-01-07T11:38:28","slug":"ueber-uns-2","status":"publish","type":"page","link":"http:\/\/kommentatorenblog.de\/?page_id=5622","title":{"rendered":"\u00dcber uns"},"content":{"rendered":"\n<h2 class=\"wp-block-heading\"><strong>Die Blogger<\/strong><\/h2>\n\n\n\n<hr class=\"wp-block-separator has-css-opacity is-style-default\"\/>\n\n\n\n<p><strong><code>Nico<\/code><\/strong><\/p>\n\n\n\n<p><strong><em>Jahrgang<\/em><\/strong>: 2004<\/p>\n\n\n\n<p><strong><em>Blogger seit:<\/em><\/strong>&nbsp;Dezember 2019<\/p>\n\n\n\n<p><em><strong>Lieblingskommentatoren (Einzelspiel):<\/strong><\/em>&nbsp;Wolff Fuss, Jogi Hebel, Uli Hebel, Oliver Seidler, Kai Dittmann<\/p>\n\n\n\n<p><strong><em>Lieblingskommentatoren (Konferenz):<\/em><\/strong>&nbsp;Frank Buschmann, Jonas Friedrich <\/p>\n\n\n\n<p><strong>Lieblingsmoderatoren und -Field-Reporter:<\/strong>&nbsp;Michael Leopold, Patrick Wasserziehr, Jan Henkel, Alex Schl\u00fcter, Jens Westen<\/p>\n\n\n\n<p><strong><em>Mein&nbsp;<\/em><\/strong><em><strong>Lieblingse<\/strong><\/em><em><strong>xperten<\/strong><\/em>: Matthias Sammer und Ralph Gunesch<\/p>\n\n\n\n<p><em><strong>Meine \u201eLegenden\u201c<\/strong>:<\/em>&nbsp;Im Bereich Kommentatoren Fritz von Thurn und Taxis und im Bereich Experten Matthias Sammer (Letzterer ist ja sch\u00f6nerweise wieder aktiv)<\/p>\n\n\n\n<p><em><strong>Sportidol:<\/strong><\/em>&nbsp;Roger Federer<\/p>\n\n\n\n<p><strong><em>Beste Sportsendung im deutschen TV<\/em><\/strong>&nbsp;<strong><em>ist f\u00fcr mich\u2026<\/em><\/strong>&nbsp;: bis zum Mai 2019 die Bundesliga \u00dcbertragungen von Eurosport, inzwischen am ehesten die Berichterstattung rund um Wimbledon von Sky<\/p>\n\n\n\n<p><strong><em>Au\u00dfer Fu\u00dfball schaue ich noch\u2026:<\/em><\/strong>&nbsp;eine Menge Tennis, sonst sporadisch Handball, Formel 1 und Darts.<\/p>\n\n\n\n<p><strong><em>Au\u00dferhalb meiner Arbeit f\u00fcr diesen Blog\u2026:<\/em><\/strong> Studiere ich Sportjournalismus in Hamburg,  kommentiere Fu\u00dfballspiele bei Flashscore und arbeite als Werksstudent bei der DPA!<\/p>\n\n\n\n<hr class=\"wp-block-separator has-css-opacity is-style-default\"\/>\n\n\n\n<p><strong><code>Hannes<\/code><\/strong><\/p>\n\n\n\n<p><em><strong>Jahrgang<\/strong><\/em>: 1999<\/p>\n\n\n\n<p><em><strong>Blogger seit:<\/strong><\/em>&nbsp;Januar 2022<\/p>\n\n\n\n<p><strong><em>Lieblingskommentatoren (Einzelspiel):<\/em><\/strong>&nbsp;Wolff Fuss, Bernd Schmelzer, Jonas Friedrich, Marvin Kirsch, Marco Hagemann und Sascha Roos (Formel 1)<\/p>\n\n\n\n<p><em><strong>Lieblingskommentatoren (Konferenz):<\/strong><\/em>&nbsp;Frank Buschmann, Wolff Fuss, Florian Schmidt-Sommerfeld, Oliver Forster<\/p>\n\n\n\n<p><strong>Lieblingsmoderatoren und -Field-Reporter:<\/strong>&nbsp;Michael Leopold, Patrick Wasserziehr, Alex Schl\u00fcter, Nele Schenker und Jochen Breyer<\/p>\n\n\n\n<p><em><strong>Mein&nbsp;<\/strong><\/em><strong><em>Lieblingsexperten<\/em><\/strong>: Matthias Sammer, Lothar Matth\u00e4us, Christoph Kramer<\/p>\n\n\n\n<p><strong><em>Meine \u201eLegenden\u201c<\/em><\/strong><em>:<\/em>&nbsp;Gerhard Delling und G\u00fcnter Netzer<\/p>\n\n\n\n<p><strong><em>Sportidol:<\/em><\/strong>&nbsp;Thomas M\u00fcller<\/p>\n\n\n\n<p><em><strong>Beste Sportsendung im deutschen TV<\/strong><\/em>&nbsp;<em><strong>ist f\u00fcr mich\u2026<\/strong><\/em>&nbsp;: Waren die WM-\/ EM-\u00dcbertragungen im ZDF mit Oliver Kahn und Oliver Welke. Aktuell montags die Glanzparade und das, was Prime Video in der Champions League auff\u00e4hrt.<\/p>\n\n\n\n<p><em><strong>Au\u00dfer Fu\u00dfball schaue ich noch\u2026:<\/strong><\/em>&nbsp;Formel 1 und noch mehr Fu\u00dfball. Sonst auch mal Tennis oder Wintersport.<\/p>\n\n\n\n<p><em><strong>Au\u00dferhalb meiner Arbeit f\u00fcr diesen Blog\u2026:<\/strong><\/em>&nbsp;studiere ich und arbeite nebenbei in der Politik.<\/p>\n\n\n\n<hr class=\"wp-block-separator has-css-opacity is-style-default\"\/>\n\n\n\n<p><strong><code>Tim<\/code><\/strong><\/p>\n\n\n\n<p><strong><em>Alter: <\/em><\/strong>geb. 1990 (also schon ziemlich alt, zumindest auf&#8217;s Team bezogen).<\/p>\n\n\n\n<p><strong><em>Blogger seit: <\/em><\/strong>Januar 2022<\/p>\n\n\n\n<p><strong><em>Lieblingskommentatoren (Einzelspiel): <\/em><\/strong>Oliver Seidler, Jan Platte, Michael Born und Bela Rethy<\/p>\n\n\n\n<p><strong><em>Lieblingskommentatoren (Konferenz): <\/em><\/strong>Kai Dittmann, Martin Gro\u00df und Jonas Friedrich <\/p>\n\n\n\n<p><strong><em>Lieblingsmoderatoren und Field-Reporter: <\/em><\/strong>Uli Potofski, Sascha Bandermann, Alex Klich, Nele Schenker und Jan Henkel<\/p>\n\n\n\n<p><strong><em>Lieblingsexperte: <\/em><\/strong>Erik Meijer <\/p>\n\n\n\n<p><strong><em>Meine Legenden: <\/em><\/strong>Tom Bayer, Marcel Reif und Fritz von Thurn und Taxis <\/p>\n\n\n\n<p><strong><em>Sportidol: <\/em><\/strong>Per Mertesacker <\/p>\n\n\n\n<p><strong><em>Beste Sportsendung im deutschen TV ist f\u00fcr mich&#8230;:<\/em><\/strong> Zurzeit &#8222;Der Spieltag&#8220; auf DAZN<\/p>\n\n\n\n<p><strong><em>Au\u00dfer Fu\u00dfball schaue ich noch: <\/em><\/strong>Reitsport, American Foodball, olympische Spiele und Paralympix <\/p>\n\n\n\n<p><strong><em>Au\u00dferhalb meiner Arbeit f\u00fcr diesen Blog: <\/em><\/strong>Arbeite, studiere und lebe ich in der steirischen Landeshauptstadt Graz.<\/p>\n\n\n\n<hr class=\"wp-block-separator has-css-opacity\"\/>\n\n\n\n<p><strong><code>Jonas<\/code><\/strong><\/p>\n\n\n\n<p><strong><em>Blogger seit: <\/em><\/strong>Sommer 2021<\/p>\n\n\n\n<p><strong><em>Lieblingskommentator: <\/em><\/strong>Tom Bartels<\/p>\n\n\n\n<p><strong><em>Lieblingsmoderatoren und Field-Reporter: <\/em><\/strong>Alexander Bommes<\/p>\n\n\n\n<p><strong><em>Lieblingsexperte\/ -expertin: <\/em><\/strong>Christoph Kramer und Almuth Schult<\/p>\n\n\n\n<p><strong><em>Meine Legenden: <\/em><\/strong>&#8211;<\/p>\n\n\n\n<p><strong><em>Sportidol: <\/em><\/strong>Oliver Kahn<\/p>\n\n\n\n<p><strong><em>Beste Sportsendungen im deutschen TV sind f\u00fcr mich&#8230;:<\/em><\/strong> die langen Wintersport- Sendungen<\/p>\n\n\n\n<p><strong><em>Au\u00dfer Fu\u00dfball schaue ich noch: <\/em><\/strong>Wintersport, Leichtathletik, Schwimmen und vielen weiteren Sport.<\/p>\n\n\n\n<hr class=\"wp-block-separator has-css-opacity\"\/>\n\n\n\n<p><code><strong>Karl<\/strong><\/code><\/p>\n\n\n\n<p><em><strong>Jahrgang<\/strong><\/em>: 1998<\/p>\n\n\n\n<p><em><strong>Blogger seit:<\/strong><\/em>&nbsp;Januar 2024<\/p>\n\n\n\n<p><strong><em>Lieblingskommentatoren (Einzelspiel):<\/em><\/strong>\u00a0Bernd Schmelzer, Oliver Schmidt, Marco Hagemann, Stephanie Baczyk, Jan Platte, Jonas Friedrich, Freddy Harder, Benni Zander<\/p>\n\n\n\n<p><em><strong>Lieblingskommentatoren (Konferenz):<\/strong><\/em>&nbsp;Ich bin mit der Radiokonferenz aufgewachsen, bis heute kommt f\u00fcr mich niemand an Armin Lehmann, Edgar Endres oder Jens J\u00f6rg Rieck vorbei \ud83d\ude42<\/p>\n\n\n\n<p><strong><em>Lieblingsmoderatoren\/-Field-Reporter:<\/em><\/strong>&nbsp;Esther Sedlaczek, Lea Wagner, Laura Papendick, Freddy Harder, Lisa Tellers, D\u00e9sir\u00e9e Krause, Markus Othmer, Katrin M\u00fcller-Hohenstein, Lili Engels<\/p>\n\n\n\n<p><em><strong>Meine&nbsp;<\/strong><\/em><strong><em>Lieblingsexperten<\/em><\/strong>: Matthias Sammer, Per Mertesacker, Christoph Kramer, Ren\u00e9 Adler, Almuth Schult, Rachel Rinast, Nils Petersen, daneben m\u00f6chte ich noch die leider bereits zur\u00fcckgetretenen Sandro Wagner, Kalle Riedle und Nia K\u00fcnzer nennen.<\/p>\n\n\n\n<p><strong><em>Meine \u201eLegenden\u201c<\/em><\/strong><em>:<\/em>&nbsp;G\u00fcnter Netzer, Reinhold Beckmann, Alexander Bommes, Karlheinz Kas (Radio), au\u00dferhalb des Fu\u00dfballs Norbert K\u00f6nig<\/p>\n\n\n\n<p><strong><em>Sportidole: <\/em><\/strong>Thomas M\u00fcller, Arjen Robben, Bastian Schweinsteiger, Philipp Lahm. F\u00fcr mich war der FC Bayern Anfang der 2010er Jahre ein bis heute un\u00fcbertroffenes Ph\u00e4nomen.<\/p>\n\n\n\n<p><em><strong>Beste Sportsendung im deutschen TV<\/strong><\/em>&nbsp;<em><strong>ist f\u00fcr mich\u2026<\/strong><\/em><strong><em>: <\/em><\/strong>immer noch die Sportschau am Samstag<\/p>\n\n\n\n<p><em><strong>Au\u00dfer Fu\u00dfball schaue ich noch\u2026:<\/strong><\/em>&nbsp;Handball, Basketball, Eishockey, Leichtathletik, Wintersport<\/p>\n\n\n\n<p><em><strong>Au\u00dferhalb meiner Arbeit f\u00fcr diesen Blog\u2026:<\/strong><\/em>&nbsp;verbringe ich die meiste Zeit in einem B\u00fcro in Niedersachsen<\/p>\n\n\n\n<hr class=\"wp-block-separator has-css-opacity is-style-default\"\/>\n\n\n\n<h2 class=\"wp-block-heading\"><strong>Ehemalige Blogger<\/strong> (seit Sommer 2019)<\/h2>\n\n\n\n<p><strong><code>Leon<\/code><\/strong><\/p>\n\n\n\n<p><strong><em>Alter<\/em><\/strong>: 22<\/p>\n\n\n\n<p><strong><em>Blogger zwischen:<\/em><\/strong>&nbsp;Ende 2016 &#8211; 2021<\/p>\n\n\n\n<p><em><strong>Lieblingskommentatoren (Einzelspiel):<\/strong><\/em>&nbsp;Wolff Fuss, Martin Gro\u00df, Marco Hagemann, Hannes Herrmann, Jonas Friedrich<\/p>\n\n\n\n<p><strong><em>Lieblingskommentatoren (Konferenz):<\/em><\/strong>&nbsp;Frank Buschmann und Tom Bayer<\/p>\n\n\n\n<p><strong>Lieblingsmoderatoren und -Field-Reporter:<\/strong>&nbsp;Michael Leopold, Yannick Erkenbrecher, Ecki Heuser, Matthias Opdenh\u00f6vel, Alexander Schl\u00fcter, Alexander Bommes, Boris B\u00fcchler<\/p>\n\n\n\n<p><strong><em>Mein&nbsp;<\/em><\/strong><em><strong>Experten<\/strong><\/em>: Lothar Matth\u00e4us und Oliver Kahn<\/p>\n\n\n\n<p><em><strong>Meine \u201eLegende\u201c<\/strong>:<\/em>&nbsp;Die Auswahl ist immer schwierig. Ich entscheide mich mal f\u00fcr eine. In diesem Fall gibt\u00b4s eine aktive Legende \u2013 Tom Bayer.<\/p>\n\n\n\n<p><em><strong>Sportidole:<\/strong><\/em>&nbsp;Roger Federer, Cristiano Ronaldo, Eric Frenzel, Leon Draisaitl, Dirk Nowitzki<\/p>\n\n\n\n<p><strong><em>Beste Sportsendung im deutschen TV<\/em><\/strong>&nbsp;<strong><em>ist f\u00fcr mich\u2026<\/em><\/strong>&nbsp;: #jedenverdammtensonntag\u201c RAN-NFL. Konzept, Kommentatoren, Experten. Das passt einfach alles. Die Tennis-\u00dcbertragungen bei Eurosport sind aber auch ganz fein.<\/p>\n\n\n\n<p><strong><em>Au\u00dfer Fu\u00dfball schaue ich noch\u2026:<\/em><\/strong>&nbsp;alle anderen Sportarten. Ob Darts, Snooker, Wintersport oder die klassischen Ballsportarten. Ich ziehe mir eigentlich alles rein. Der Faktor \u201eLive\u201c bedeutet alles f\u00fcr mich. Wahrscheinlich schaue ich deshalb auch fast keine Filme und Serien \u2013 Fiktion ist nicht mein Ding.<\/p>\n\n\n\n<p><strong><em>Au\u00dferhalb meiner Arbeit f\u00fcr diesen Blog\u2026:<\/em><\/strong>&nbsp;bin ich \u201estudierter\u201c Journalist, der gerade viele Praktika macht. Bald werde ich ein halbes Jahr bei der DFL arbeiten. In meiner Freizeit gibt&#8217;s bei mir eine Menge Livesport. Dazu spiele ich ab und an Fu\u00dfball, Tennis, \u2026<\/p>\n\n\n\n<hr class=\"wp-block-separator has-css-opacity is-style-default\"\/>\n\n\n\n<p><strong><code>Erik<\/code><\/strong><\/p>\n\n\n\n<p><strong><em>Alter:<\/em><\/strong>&nbsp;22<\/p>\n\n\n\n<p><em><strong>Blogger zwischen:<\/strong><\/em>&nbsp;2019-2022<\/p>\n\n\n\n<p><strong><em>Lieblingskommentatoren (Einzelspiel):<\/em><\/strong>&nbsp;Wolff Fuss, Jan Platte, Uli Hebel<\/p>\n\n\n\n<p><strong><em>Lieblingskommentatoren (Konferenz):<\/em><\/strong>&nbsp;Hansi K\u00fcpper, Markus G\u00f6tz<\/p>\n\n\n\n<p><em><strong>Lieblingsmoderatoren- und Field-Reporter:<\/strong><\/em>&nbsp;Alexander Bommes, Matthias Opdenh\u00f6vel, Thomas Wagner<\/p>\n\n\n\n<p><em><strong>Lieblingsexperte:<\/strong><\/em>&nbsp;G\u00fcnter Netzer (am liebsten mit seiner besseren H\u00e4lfte)<\/p>\n\n\n\n<p><strong><em>Meine \u201eLegende\u201c:<\/em><\/strong>&nbsp;Manni Breuckmann<\/p>\n\n\n\n<p><em><strong>Sportidole:<\/strong><\/em>&nbsp;Lionel Messi, Ra\u00fal, Thierry Henry<\/p>\n\n\n\n<p><em><strong>Beste Sportsendung im deutschen TV ist f\u00fcr mich\u2026:<\/strong><\/em>&nbsp;Wenn ich aus gegebenem Anlass live nicht gucken kann, ist die Sportschau ein Muss. Bessere und vor allem spannendere Highlights gibt es nirgends. Die Stimme von Marc Schl\u00f6mer im R\u00fcckblick auf den Freitagabend verleiht der Sendung ihr Sahneh\u00e4ubchen.<\/p>\n\n\n\n<p><em><strong>Au\u00dfer Fu\u00dfball schaue ich noch\u2026:<\/strong><\/em>&nbsp;mehr Fu\u00dfball (aus allen m\u00f6glichen Ligen), es folgen Handball, Wintersport und Darts.<\/p>\n\n\n\n<p><em><strong>Au\u00dferhalb meiner Arbeit f\u00fcr diesen Blog\u2026:<\/strong><\/em>&nbsp;treibe ich im Ruhrgebiet mein Unwesen<\/p>\n\n\n\n<hr class=\"wp-block-separator has-alpha-channel-opacity\"\/>\n\n\n\n<p><strong><code>Dennis<\/code><\/strong><\/p>\n\n\n\n<p><strong><em>Alter:&nbsp;<\/em><\/strong>21<\/p>\n\n\n\n<p><strong><em>Lieblingskommentatoren (Einzelspiel):&nbsp;<\/em><\/strong>Jonas Friedrich, Marco Hagemann, Uli Hebel<\/p>\n\n\n\n<p><strong><em>Blogger seit:&nbsp;<\/em><\/strong>Recherche haben ergeben, dass ich der Dienst\u00e4lteste bin (Komischer Zustand wenn man gleichzeitig auf der Arbeit das \u201eK\u00fcken\u201c ist), Blogger bin ich seit Juli 2016.<\/p>\n\n\n\n<p><strong><em>Lieblingskommentatoren (Konferenz):&nbsp;<\/em><\/strong>Jonas Friedrich, Hansi K\u00fcpper, Oliver Seidler<\/p>\n\n\n\n<p><strong><em>Lieblingsmoderatoren und Field-Reporter:&nbsp;<\/em><\/strong>Da ich mittlerweile tats\u00e4chlich sehr selten irgendwelche Vorberichte anschaue, ist das schwer zu greifen. Grunds\u00e4tzlich ist Michael Leopold ein sehr guter, bei den \u00d6ffentlich-Rechtlichen w\u00fcrde ich Matthias Opdenh\u00f6vel herauspicken.<\/p>\n\n\n\n<p><strong><em>Lieblingsexperten:&nbsp;<\/em><\/strong>Lothar Matth\u00e4us macht seine Sache grunds\u00e4tzlich sehr ordentlich. Schauen wir auf DAZN m\u00f6chte ich Ralph Gunesch nennen.<\/p>\n\n\n\n<p><strong><em>Meine \u201eLegende\u201c:&nbsp;<\/em><\/strong>Marcel Reif<\/p>\n\n\n\n<p><strong><em>Sportidole:&nbsp;<\/em><\/strong>Dirk Nowitzki, Michael Schumacher, wenn es um noch aktive Vorbilder geht nenne ich einfach mal Santiago Ascacibar. Sein Motor und sein innerer Schweinehund haben ihn irgendwie recht schnell zu meinem Lieblingsspieler beim VfB werden lassen. (Und jetzt ist er leider nicht mehr da)<\/p>\n\n\n\n<p><strong><em>Beste Sportsendung im TV:&nbsp;<\/em><\/strong>Wenn ich die Live-\u00dcbertragung nicht anschauen kann, dann ist die Sportschau ein Muss. Was ich auch gerne schau sind die Skisprung-\u00dcbertragungen der ARD. Opdenh\u00f6vel, Thoma und Bartels sind da schon ein gutes Team.<\/p>\n\n\n\n<p><strong><em>Au\u00dfer Fu\u00dfball schaue ich noch\u2026&nbsp;<\/em><\/strong>Basketball, Darts, ab und an auch mal Wintersport. Bei Olympia schaue ich grunds\u00e4tzlich so viel wie nur irgendwie m\u00f6glich, egal ob Reiten, Bogenschie\u00dfen oder Curling.<\/p>\n\n\n\n<p><em><strong>Au\u00dferhalb meiner Arbeit f\u00fcr diesen Blog..<\/strong><\/em>.: Arbeite ich seit nun ungef\u00e4hr 5 1\/2 Monaten als Fachkraft in der Altenpflege und k\u00f6nnte damit kaum gl\u00fccklicher sein. Viel Verantwortung und jeder Tag ist anders. Ansonsten bringe ich mir derzeit das Klavier spielen bei, reise ein bisschen umher und bin stand heute dabei, mein Zimmer zu renovieren.<\/p>\n\n\n\n<hr class=\"wp-block-separator has-css-opacity is-style-default\"\/>\n\n\n\n<p><strong><code>Justin<\/code><\/strong><\/p>\n\n\n\n<p><strong><em>Alter<\/em><\/strong>: weil sich das ja st\u00e4ndig \u00e4ndert nenne ich einfach mal mein Geburtsjahr: 2005 <\/p>\n\n\n\n<p><strong><em>Blogger seit:<\/em><\/strong>&nbsp;Januar 2021 <\/p>\n\n\n\n<p><em><strong>Lieblingskommentatoren (Einzelspiel):<\/strong><\/em>&nbsp;Wolff Fuss, Kai Dittmann, Jonas Friedrich, Uli Hebel&#8230;<\/p>\n\n\n\n<p><strong><em>Lieblingskommentatoren (Konferenz):<\/em><\/strong>&nbsp;auch Wolff Fuss, Kai Dittmann und Jonas Friedrich  <\/p>\n\n\n\n<p><strong><em>Lieblingsmoderatoren und -Field-Reporter:<\/em><\/strong>&nbsp;Sebastian Hellmann, Michael Leopold und Patrick Wasserziehr <\/p>\n\n\n\n<p><strong><em>Mein&nbsp;<\/em><\/strong><em><strong>Lieblingse<\/strong><\/em><em><strong>xperten<\/strong><\/em>: Matthias Sammer, Sandro Wagner und Sebastian Knei\u00dfl<\/p>\n\n\n\n<p><em><strong>Meine \u201eLegende\u201c<\/strong>:<\/em>&nbsp;Tom Bayer <\/p>\n\n\n\n<p><em><strong>Sportidol:<\/strong><\/em>&nbsp;darf ich den Fu\u00dfball selbst nennen? <\/p>\n\n\n\n<p><strong><em>Beste Sportsendung im deutschen TV<\/em><\/strong>&nbsp;<strong><em>ist f\u00fcr mich\u2026<\/em><\/strong>&nbsp;: Bundesliga bei Eurosport und Champions League bei Prime Video <\/p>\n\n\n\n<p><strong><em>Au\u00dfer Fu\u00dfball schaue ich noch\u2026:<\/em><\/strong>&nbsp;noch mehr Fu\u00dfball und hier und da Handball <\/p>\n\n\n\n<p><strong><em>Au\u00dferhalb meiner Arbeit f\u00fcr diesen Blog\u2026:<\/em><\/strong>&nbsp;gehe ich noch zur Schule, spiele selbst Fu\u00dfball und schaue was die Zukunft bringt <\/p>\n","protected":false},"excerpt":{"rendered":"<p>Die Blogger Nico Jahrgang: 2004 Blogger seit:&nbsp;Dezember 2019 Lieblingskommentatoren (Einzelspiel):&nbsp;Wolff Fuss, Jogi Hebel, Uli Hebel, Oliver Seidler, Kai Dittmann Lieblingskommentatoren (Konferenz):&nbsp;Frank Buschmann, Jonas Friedrich Lieblingsmoderatoren und -Field-Reporter:&nbsp;Michael Leopold, Patrick Wasserziehr, Jan Henkel, Alex Schl\u00fcter, Jens Westen Mein&nbsp;Lieblingsexperten: Matthias Sammer und Ralph Gunesch Meine \u201eLegenden\u201c:&nbsp;Im Bereich Kommentatoren Fritz von Thurn und Taxis und im Bereich Experten [&hellip;]<\/p>\n","protected":false},"author":3,"featured_media":0,"parent":0,"menu_order":0,"comment_status":"closed","ping_status":"closed","template":"","meta":{"footnotes":""},"class_list":["post-5622","page","type-page","status-publish","hentry","post"],"_links":{"self":[{"href":"http:\/\/kommentatorenblog.de\/index.php?rest_route=\/wp\/v2\/pages\/5622","targetHints":{"allow":["GET"]}}],"collection":[{"href":"http:\/\/kommentatorenblog.de\/index.php?rest_route=\/wp\/v2\/pages"}],"about":[{"href":"http:\/\/kommentatorenblog.de\/index.php?rest_route=\/wp\/v2\/types\/page"}],"author":[{"embeddable":true,"href":"http:\/\/kommentatorenblog.de\/index.php?rest_route=\/wp\/v2\/users\/3"}],"replies":[{"embeddable":true,"href":"http:\/\/kommentatorenblog.de\/index.php?rest_route=%2Fwp%2Fv2%2Fcomments&post=5622"}],"version-history":[{"count":29,"href":"http:\/\/kommentatorenblog.de\/index.php?rest_route=\/wp\/v2\/pages\/5622\/revisions"}],"predecessor-version":[{"id":23939,"href":"http:\/\/kommentatorenblog.de\/index.php?rest_route=\/wp\/v2\/pages\/5622\/revisions\/23939"}],"wp:attachment":[{"href":"http:\/\/kommentatorenblog.de\/index.php?rest_route=%2Fwp%2Fv2%2Fmedia&parent=5622"}],"curies":[{"name":"wp","href":"https:\/\/api.w.org\/{rel}","templated":true}]}}