{"id":1048,"date":"2019-12-28T13:07:50","date_gmt":"2019-12-28T13:07:50","guid":{"rendered":"http:\/\/kommentatorenblog.de\/?page_id=1048"},"modified":"2024-06-06T16:00:57","modified_gmt":"2024-06-06T15:00:57","slug":"interviews","status":"publish","type":"page","link":"https:\/\/kommentatorenblog.de\/?page_id=1048","title":{"rendered":"Interviews"},"content":{"rendered":"\n<hr class=\"wp-block-separator is-style-default\"\/>\n\n\n\n<p>&#8230;mit Kommentatoren-Legende <strong>B\u00e9la R\u00e9thy<\/strong><\/p>\n\n\n\n<figure class=\"wp-block-embed is-type-wp-embed is-provider-kommentatorenblog-de wp-block-embed-kommentatorenblog-de\"><div class=\"wp-block-embed__wrapper\">\n<blockquote class=\"wp-embedded-content\" data-secret=\"WLxyHaJ83D\"><a href=\"https:\/\/kommentatorenblog.de\/?p=18063\">1429 &#8211; &#8220;Man erlebt sehr viel. Eine faszinierende Zeit.&#8221; \u2013 Interview mit B\u00e9la R\u00e9thy (Teil 1)<\/a><\/blockquote><iframe loading=\"lazy\" class=\"wp-embedded-content\" sandbox=\"allow-scripts\" security=\"restricted\" style=\"position: absolute; clip: rect(1px, 1px, 1px, 1px);\" title=\"&#8222;1429 &#8211; &#8220;Man erlebt sehr viel. Eine faszinierende Zeit.&#8221; \u2013 Interview mit B\u00e9la R\u00e9thy (Teil 1)&#8220; &#8212; kommentatorenblog.de\" src=\"https:\/\/kommentatorenblog.de\/?p=18063&#038;embed=true#?secret=O8ajsEwwc5#?secret=WLxyHaJ83D\" data-secret=\"WLxyHaJ83D\" width=\"600\" height=\"338\" frameborder=\"0\" marginwidth=\"0\" marginheight=\"0\" scrolling=\"no\"><\/iframe>\n<\/div><\/figure>\n\n\n\n<figure class=\"wp-block-embed is-type-wp-embed is-provider-kommentatorenblog-de wp-block-embed-kommentatorenblog-de\"><div class=\"wp-block-embed__wrapper\">\n<blockquote class=\"wp-embedded-content\" data-secret=\"UL8sE454YU\"><a href=\"https:\/\/kommentatorenblog.de\/?p=18068\">1430 &#8211; &#8220;\u00dcberlegen w\u00fcrde ich auf jeden Fall &#8211; und die Antwort ist offen&#8221; \u2013 Interview mit B\u00e9la R\u00e9thy (Teil 2)<\/a><\/blockquote><iframe loading=\"lazy\" class=\"wp-embedded-content\" sandbox=\"allow-scripts\" security=\"restricted\" style=\"position: absolute; clip: rect(1px, 1px, 1px, 1px);\" title=\"&#8222;1430 &#8211; &#8220;\u00dcberlegen w\u00fcrde ich auf jeden Fall &#8211; und die Antwort ist offen&#8221; \u2013 Interview mit B\u00e9la R\u00e9thy (Teil 2)&#8220; &#8212; kommentatorenblog.de\" src=\"https:\/\/kommentatorenblog.de\/?p=18068&#038;embed=true#?secret=Ew8HL7hTdi#?secret=UL8sE454YU\" data-secret=\"UL8sE454YU\" width=\"600\" height=\"338\" frameborder=\"0\" marginwidth=\"0\" marginheight=\"0\" scrolling=\"no\"><\/iframe>\n<\/div><\/figure>\n\n\n\n<hr class=\"wp-block-separator is-style-default\"\/>\n\n\n\n<p>&#8230;mit den beiden Sportdigital-Kommentatoren <strong>Karsten Linke <\/strong>und <strong>Moritz Knorr<\/strong><\/p>\n\n\n\n<figure class=\"wp-block-embed is-type-wp-embed is-provider-kommentatorenblog-de wp-block-embed-kommentatorenblog-de\"><div class=\"wp-block-embed__wrapper\">\n<blockquote class=\"wp-embedded-content\" data-secret=\"nzCroiL4JU\"><a href=\"https:\/\/kommentatorenblog.de\/?p=17473\">1419 &#8211; \u201cDas ist einer, der durchstarten wird\u201d \u2013 Interview mit Karsten Linke und Moritz Knorr (Teil 1)<\/a><\/blockquote><iframe loading=\"lazy\" class=\"wp-embedded-content\" sandbox=\"allow-scripts\" security=\"restricted\" style=\"position: absolute; clip: rect(1px, 1px, 1px, 1px);\" title=\"&#8222;1419 &#8211; \u201cDas ist einer, der durchstarten wird\u201d \u2013 Interview mit Karsten Linke und Moritz Knorr (Teil 1)&#8220; &#8212; kommentatorenblog.de\" src=\"https:\/\/kommentatorenblog.de\/?p=17473&#038;embed=true#?secret=N0ZyEXXWqk#?secret=nzCroiL4JU\" data-secret=\"nzCroiL4JU\" width=\"600\" height=\"338\" frameborder=\"0\" marginwidth=\"0\" marginheight=\"0\" scrolling=\"no\"><\/iframe>\n<\/div><\/figure>\n\n\n\n<figure class=\"wp-block-embed is-type-wp-embed is-provider-kommentatorenblog-de wp-block-embed-kommentatorenblog-de\"><div class=\"wp-block-embed__wrapper\">\n<blockquote class=\"wp-embedded-content\" data-secret=\"a7lMBo3CsU\"><a href=\"https:\/\/kommentatorenblog.de\/?p=17618\">1421 &#8211; &#8220;Es ist das Erlebnis an sich, das machen zu d\u00fcrfen und alles aufzusaugen&#8221; \u2013 Interview mit Karsten Linke und Moritz Knorr (Teil 2)<\/a><\/blockquote><iframe loading=\"lazy\" class=\"wp-embedded-content\" sandbox=\"allow-scripts\" security=\"restricted\" style=\"position: absolute; clip: rect(1px, 1px, 1px, 1px);\" title=\"&#8222;1421 &#8211; &#8220;Es ist das Erlebnis an sich, das machen zu d\u00fcrfen und alles aufzusaugen&#8221; \u2013 Interview mit Karsten Linke und Moritz Knorr (Teil 2)&#8220; &#8212; kommentatorenblog.de\" src=\"https:\/\/kommentatorenblog.de\/?p=17618&#038;embed=true#?secret=huqx2T2Wt5#?secret=a7lMBo3CsU\" data-secret=\"a7lMBo3CsU\" width=\"600\" height=\"338\" frameborder=\"0\" marginwidth=\"0\" marginheight=\"0\" scrolling=\"no\"><\/iframe>\n<\/div><\/figure>\n\n\n\n<figure class=\"wp-block-embed is-type-wp-embed is-provider-kommentatorenblog-de wp-block-embed-kommentatorenblog-de\"><div class=\"wp-block-embed__wrapper\">\n<blockquote class=\"wp-embedded-content\" data-secret=\"3ZTpsnLTXM\"><a href=\"https:\/\/kommentatorenblog.de\/?p=17647\">1422 &#8211; &#8220;Das Gl\u00fcck kann man immer provozieren, indem man nicht nachl\u00e4sst.&#8221; \u2013 Interview mit Karsten Linke und Moritz Knorr (Teil 3)<\/a><\/blockquote><iframe loading=\"lazy\" class=\"wp-embedded-content\" sandbox=\"allow-scripts\" security=\"restricted\" style=\"position: absolute; clip: rect(1px, 1px, 1px, 1px);\" title=\"&#8222;1422 &#8211; &#8220;Das Gl\u00fcck kann man immer provozieren, indem man nicht nachl\u00e4sst.&#8221; \u2013 Interview mit Karsten Linke und Moritz Knorr (Teil 3)&#8220; &#8212; kommentatorenblog.de\" src=\"https:\/\/kommentatorenblog.de\/?p=17647&#038;embed=true#?secret=m1kbzylG1I#?secret=3ZTpsnLTXM\" data-secret=\"3ZTpsnLTXM\" width=\"600\" height=\"338\" frameborder=\"0\" marginwidth=\"0\" marginheight=\"0\" scrolling=\"no\"><\/iframe>\n<\/div><\/figure>\n\n\n\n<hr class=\"wp-block-separator is-style-default\"\/>\n\n\n\n<p>&#8230;mit ZDF-Reporterin <strong>Franzi M\u00fcllers<\/strong><\/p>\n\n\n\n<figure class=\"wp-block-embed is-type-wp-embed is-provider-kommentatorenblog-de wp-block-embed-kommentatorenblog-de\"><div class=\"wp-block-embed__wrapper\">\n<blockquote class=\"wp-embedded-content\" data-secret=\"T5WwlwD4kR\"><a href=\"https:\/\/kommentatorenblog.de\/?p=15773\">1371 &#8211; \u00dcber Karaoke-Abende, US-Wahlen und Dauerkarten &#8211; Interview mit Franzi M\u00fcllers (Teil 1)<\/a><\/blockquote><iframe loading=\"lazy\" class=\"wp-embedded-content\" sandbox=\"allow-scripts\" security=\"restricted\" style=\"position: absolute; clip: rect(1px, 1px, 1px, 1px);\" title=\"&#8222;1371 &#8211; \u00dcber Karaoke-Abende, US-Wahlen und Dauerkarten &#8211; Interview mit Franzi M\u00fcllers (Teil 1)&#8220; &#8212; kommentatorenblog.de\" src=\"https:\/\/kommentatorenblog.de\/?p=15773&#038;embed=true#?secret=zFxSa05p9Q#?secret=T5WwlwD4kR\" data-secret=\"T5WwlwD4kR\" width=\"600\" height=\"338\" frameborder=\"0\" marginwidth=\"0\" marginheight=\"0\" scrolling=\"no\"><\/iframe>\n<\/div><\/figure>\n\n\n\n<figure class=\"wp-block-embed is-type-wp-embed is-provider-kommentatorenblog-de wp-block-embed-kommentatorenblog-de\"><div class=\"wp-block-embed__wrapper\">\n<blockquote class=\"wp-embedded-content\" data-secret=\"wxSTDKU8mc\"><a href=\"https:\/\/kommentatorenblog.de\/?p=15742\">1372 &#8211; &#8220;Und zack, steht Megan Rapinoe vor mir&#8221; &#8211; Interview mit Franzi M\u00fcllers (Teil 2)<\/a><\/blockquote><iframe loading=\"lazy\" class=\"wp-embedded-content\" sandbox=\"allow-scripts\" security=\"restricted\" style=\"position: absolute; clip: rect(1px, 1px, 1px, 1px);\" title=\"&#8222;1372 &#8211; &#8220;Und zack, steht Megan Rapinoe vor mir&#8221; &#8211; Interview mit Franzi M\u00fcllers (Teil 2)&#8220; &#8212; kommentatorenblog.de\" src=\"https:\/\/kommentatorenblog.de\/?p=15742&#038;embed=true#?secret=SXOZDlf4fu#?secret=wxSTDKU8mc\" data-secret=\"wxSTDKU8mc\" width=\"600\" height=\"338\" frameborder=\"0\" marginwidth=\"0\" marginheight=\"0\" scrolling=\"no\"><\/iframe>\n<\/div><\/figure>\n\n\n\n<hr class=\"wp-block-separator is-style-default\"\/>\n\n\n\n<p>&#8230;mit DAZN-Kommentator <strong>Mario Rieker<\/strong><\/p>\n\n\n\n<figure class=\"wp-block-embed is-type-wp-embed is-provider-kommentatorenblog-de wp-block-embed-kommentatorenblog-de\"><div class=\"wp-block-embed__wrapper\">\n<blockquote class=\"wp-embedded-content\" data-secret=\"CM3L2qFOus\"><a href=\"https:\/\/kommentatorenblog.de\/?p=15367\">1355 &#8211; &#8220;Lieber ein Derby aus dem San Siro als ein CL-Finale&#8221; &#8211; Interview mit Mario Rieker<\/a><\/blockquote><iframe loading=\"lazy\" class=\"wp-embedded-content\" sandbox=\"allow-scripts\" security=\"restricted\" style=\"position: absolute; clip: rect(1px, 1px, 1px, 1px);\" title=\"&#8222;1355 &#8211; &#8220;Lieber ein Derby aus dem San Siro als ein CL-Finale&#8221; &#8211; Interview mit Mario Rieker&#8220; &#8212; kommentatorenblog.de\" src=\"https:\/\/kommentatorenblog.de\/?p=15367&#038;embed=true#?secret=IRi3txBjI5#?secret=CM3L2qFOus\" data-secret=\"CM3L2qFOus\" width=\"600\" height=\"338\" frameborder=\"0\" marginwidth=\"0\" marginheight=\"0\" scrolling=\"no\"><\/iframe>\n<\/div><\/figure>\n\n\n\n<hr class=\"wp-block-separator is-style-default\"\/>\n\n\n\n<p>&#8230;mit Kommentatoren-Legende <strong>Tom Bayer<\/strong><\/p>\n\n\n\n<figure class=\"wp-block-embed is-type-wp-embed is-provider-kommentatorenblog-de wp-block-embed-kommentatorenblog-de\"><div class=\"wp-block-embed__wrapper\">\n<blockquote class=\"wp-embedded-content\" data-secret=\"ysV8on59R1\"><a href=\"https:\/\/kommentatorenblog.de\/?p=8707\">1170 \u2013 Zeitungsbeilage und Kassettenrekorder &#8211; das Abschiedsinterview mit Tom Bayer<\/a><\/blockquote><iframe loading=\"lazy\" class=\"wp-embedded-content\" sandbox=\"allow-scripts\" security=\"restricted\" style=\"position: absolute; clip: rect(1px, 1px, 1px, 1px);\" title=\"&#8222;1170 \u2013 Zeitungsbeilage und Kassettenrekorder &#8211; das Abschiedsinterview mit Tom Bayer&#8220; &#8212; kommentatorenblog.de\" src=\"https:\/\/kommentatorenblog.de\/?p=8707&#038;embed=true#?secret=xzByQifwhY#?secret=ysV8on59R1\" data-secret=\"ysV8on59R1\" width=\"600\" height=\"338\" frameborder=\"0\" marginwidth=\"0\" marginheight=\"0\" scrolling=\"no\"><\/iframe>\n<\/div><\/figure>\n\n\n\n<figure class=\"wp-block-embed is-type-wp-embed is-provider-kommentatorenblog-de wp-block-embed-kommentatorenblog-de\"><div class=\"wp-block-embed__wrapper\">\n<blockquote class=\"wp-embedded-content\" data-secret=\"5w5BOi0CD8\"><a href=\"https:\/\/kommentatorenblog.de\/?p=9121\">1173 \u2013 &#8220;Ich wollte den Zeitpunkt zum Aufh\u00f6ren selbst bestimmen&#8221;<\/a><\/blockquote><iframe loading=\"lazy\" class=\"wp-embedded-content\" sandbox=\"allow-scripts\" security=\"restricted\" style=\"position: absolute; clip: rect(1px, 1px, 1px, 1px);\" title=\"&#8222;1173 \u2013 &#8220;Ich wollte den Zeitpunkt zum Aufh\u00f6ren selbst bestimmen&#8221;&#8220; &#8212; kommentatorenblog.de\" src=\"https:\/\/kommentatorenblog.de\/?p=9121&#038;embed=true#?secret=CGgIFSTTBq#?secret=5w5BOi0CD8\" data-secret=\"5w5BOi0CD8\" width=\"600\" height=\"338\" frameborder=\"0\" marginwidth=\"0\" marginheight=\"0\" scrolling=\"no\"><\/iframe>\n<\/div><\/figure>\n\n\n\n<hr class=\"wp-block-separator is-style-default\"\/>\n\n\n\n<p>&#8230;mit DAZN-Moderator\/Kommentator <strong>Alex Schl\u00fcter<\/strong><\/p>\n\n\n\n<figure class=\"wp-block-embed is-type-wp-embed is-provider-kommentatorenblog-de wp-block-embed-kommentatorenblog-de\"><div class=\"wp-block-embed__wrapper\">\n<blockquote class=\"wp-embedded-content\" data-secret=\"z0VPdqT5TS\"><a href=\"https:\/\/kommentatorenblog.de\/?p=4051\">1120 &#8211; &#8220;Ich moderiere am liebsten aus dem Stadion&#8221;<\/a><\/blockquote><iframe loading=\"lazy\" class=\"wp-embedded-content\" sandbox=\"allow-scripts\" security=\"restricted\" style=\"position: absolute; clip: rect(1px, 1px, 1px, 1px);\" title=\"&#8222;1120 &#8211; &#8220;Ich moderiere am liebsten aus dem Stadion&#8221;&#8220; &#8212; kommentatorenblog.de\" src=\"https:\/\/kommentatorenblog.de\/?p=4051&#038;embed=true#?secret=8iQFIU9NhN#?secret=z0VPdqT5TS\" data-secret=\"z0VPdqT5TS\" width=\"600\" height=\"338\" frameborder=\"0\" marginwidth=\"0\" marginheight=\"0\" scrolling=\"no\"><\/iframe>\n<\/div><\/figure>\n\n\n\n<figure class=\"wp-block-embed is-type-wp-embed is-provider-kommentatorenblog-de wp-block-embed-kommentatorenblog-de\"><div class=\"wp-block-embed__wrapper\">\n<blockquote class=\"wp-embedded-content\" data-secret=\"ejyGEwAqMm\"><a href=\"https:\/\/kommentatorenblog.de\/?p=4304\">1122 \u2013 &#8220;Wir haben nie etwas extra anders gemacht&#8221;<\/a><\/blockquote><iframe loading=\"lazy\" class=\"wp-embedded-content\" sandbox=\"allow-scripts\" security=\"restricted\" style=\"position: absolute; clip: rect(1px, 1px, 1px, 1px);\" title=\"&#8222;1122 \u2013 &#8220;Wir haben nie etwas extra anders gemacht&#8221;&#8220; &#8212; kommentatorenblog.de\" src=\"https:\/\/kommentatorenblog.de\/?p=4304&#038;embed=true#?secret=bHFhDjW2z5#?secret=ejyGEwAqMm\" data-secret=\"ejyGEwAqMm\" width=\"600\" height=\"338\" frameborder=\"0\" marginwidth=\"0\" marginheight=\"0\" scrolling=\"no\"><\/iframe>\n<\/div><\/figure>\n\n\n\n<hr class=\"wp-block-separator is-style-default\"\/>\n\n\n\n<p>&#8230;mit MagentaSport-Kommentator <strong>Christian Stra\u00dfburger<\/strong><\/p>\n\n\n\n<figure class=\"wp-block-embed is-type-wp-embed is-provider-kommentatorenblog-de wp-block-embed-kommentatorenblog-de\"><div class=\"wp-block-embed__wrapper\">\n<blockquote class=\"wp-embedded-content\" data-secret=\"MVwkxePVQ8\"><a href=\"https:\/\/kommentatorenblog.de\/?p=1938\">\u201eMagenta Sport ist einfach das Beste, was mir passieren konnte\u201c<\/a><\/blockquote><iframe loading=\"lazy\" class=\"wp-embedded-content\" sandbox=\"allow-scripts\" security=\"restricted\" style=\"position: absolute; clip: rect(1px, 1px, 1px, 1px);\" title=\"&#8222;\u201eMagenta Sport ist einfach das Beste, was mir passieren konnte\u201c&#8220; &#8212; kommentatorenblog.de\" src=\"https:\/\/kommentatorenblog.de\/?p=1938&#038;embed=true#?secret=ExmZIlTYkY#?secret=MVwkxePVQ8\" data-secret=\"MVwkxePVQ8\" width=\"600\" height=\"338\" frameborder=\"0\" marginwidth=\"0\" marginheight=\"0\" scrolling=\"no\"><\/iframe>\n<\/div><\/figure>\n\n\n\n<hr class=\"wp-block-separator is-style-default\"\/>\n\n\n\n<p>&#8230;mit Sky-Kommentator <strong>Joachim Hebel<\/strong><\/p>\n\n\n\n<figure class=\"wp-block-embed is-type-wp-embed is-provider-kommentatorenblog-de wp-block-embed-kommentatorenblog-de\"><div class=\"wp-block-embed__wrapper\">\n<blockquote class=\"wp-embedded-content\" data-secret=\"JJ44bsEgPn\"><a href=\"https:\/\/kommentatorenblog.de\/?p=1929\">\u201eIch habe denen alles zu verdanken.\u201c<\/a><\/blockquote><iframe loading=\"lazy\" class=\"wp-embedded-content\" sandbox=\"allow-scripts\" security=\"restricted\" style=\"position: absolute; clip: rect(1px, 1px, 1px, 1px);\" title=\"&#8222;\u201eIch habe denen alles zu verdanken.\u201c&#8220; &#8212; kommentatorenblog.de\" src=\"https:\/\/kommentatorenblog.de\/?p=1929&#038;embed=true#?secret=eGqXcM2I6W#?secret=JJ44bsEgPn\" data-secret=\"JJ44bsEgPn\" width=\"600\" height=\"338\" frameborder=\"0\" marginwidth=\"0\" marginheight=\"0\" scrolling=\"no\"><\/iframe>\n<\/div><\/figure>\n","protected":false},"excerpt":{"rendered":"<p>&#8230;mit Kommentatoren-Legende B\u00e9la R\u00e9thy &#8230;mit den beiden Sportdigital-Kommentatoren Karsten Linke und Moritz Knorr &#8230;mit ZDF-Reporterin Franzi M\u00fcllers &#8230;mit DAZN-Kommentator Mario Rieker &#8230;mit Kommentatoren-Legende Tom Bayer &#8230;mit DAZN-Moderator\/Kommentator Alex Schl\u00fcter &#8230;mit MagentaSport-Kommentator Christian Stra\u00dfburger &#8230;mit Sky-Kommentator Joachim Hebel<\/p>\n","protected":false},"author":3,"featured_media":0,"parent":0,"menu_order":0,"comment_status":"closed","ping_status":"closed","template":"","meta":{"footnotes":""},"class_list":["post-1048","page","type-page","status-publish","hentry","post"],"_links":{"self":[{"href":"https:\/\/kommentatorenblog.de\/index.php?rest_route=\/wp\/v2\/pages\/1048","targetHints":{"allow":["GET"]}}],"collection":[{"href":"https:\/\/kommentatorenblog.de\/index.php?rest_route=\/wp\/v2\/pages"}],"about":[{"href":"https:\/\/kommentatorenblog.de\/index.php?rest_route=\/wp\/v2\/types\/page"}],"author":[{"embeddable":true,"href":"https:\/\/kommentatorenblog.de\/index.php?rest_route=\/wp\/v2\/users\/3"}],"replies":[{"embeddable":true,"href":"https:\/\/kommentatorenblog.de\/index.php?rest_route=%2Fwp%2Fv2%2Fcomments&post=1048"}],"version-history":[{"count":19,"href":"https:\/\/kommentatorenblog.de\/index.php?rest_route=\/wp\/v2\/pages\/1048\/revisions"}],"predecessor-version":[{"id":18109,"href":"https:\/\/kommentatorenblog.de\/index.php?rest_route=\/wp\/v2\/pages\/1048\/revisions\/18109"}],"wp:attachment":[{"href":"https:\/\/kommentatorenblog.de\/index.php?rest_route=%2Fwp%2Fv2%2Fmedia&parent=1048"}],"curies":[{"name":"wp","href":"https:\/\/api.w.org\/{rel}","templated":true}]}}